{"id":1076,"date":"2013-12-07T19:44:01","date_gmt":"2013-12-07T19:44:01","guid":{"rendered":"http:\/\/contrast.freevision.me\/?page_id=1076"},"modified":"2019-04-25T22:11:26","modified_gmt":"2019-04-25T20:11:26","slug":"biographie","status":"publish","type":"page","link":"http:\/\/raymond-poulet.com\/index.php\/biographie\/","title":{"rendered":"biographie"},"content":{"rendered":"<div class=\"ozy-two-fifth ozy-waypoint-animate ozy-appear\"><\/div>\n<div class=\"ozy-three-fifth ozy-column-last ozy-waypoint-animate ozy-appear\"><\/p>\n<h1><span style=\"color: #ffffff;\">\u00e0 propos de moi<\/span><\/h1>\n<h3><span style=\"color: #ffffff;\">Raymond POULET est n\u00e9 Paris en aout 1934<\/span><\/h3>\n<div style=\"color: #ffffff;\">Ann\u00e8es 50<br \/>\n&#8211; 1952-53-54<br \/>\nEcole des Arts D\u00e9coratifs de Paris<br \/>\nEl\u00e8ve libre des Beaux Arts de Paris<br \/>\nSuit les cours de diff\u00e9rentes acad\u00e9mies de peinture et de sculpture de ParisAnn\u00e9es 60<br \/>\n&#8211; 1960 &#8211; 1965<br \/>\nExpositions de groupe \u00e0 Paris et en Province<br \/>\nExpositions aux Salons des ind\u00e9pendants, des Artistes fran\u00e7ais, des contemporains, Salons d&rsquo;Automne1966<br \/>\nExposition \u00e0 l&rsquo;Artist&rsquo;s Gallery Philadelphie U.S.A- 1967-68-69<br \/>\nExpositions \u00e0 Paris, Deauville Galerie Ren\u00e9 BorelAnn\u00e9es 70<br \/>\n&#8211; 1970<br \/>\nPremier s\u00e9jour de 3 mois \u00e0 New York U.S.A- 1971<br \/>\nExposition particuli\u00e8re Galerie Cimaise Paris<\/p>\n<p>&#8211; 1972<br \/>\nNouveau s\u00e9jour de 5 mois \u00e0 New York, expositions Galerie Ror Volmar \u00e0 Paris et Vichy puis Galerie Raymond Duncan \u00e0 Paris, ainsi qu&rsquo;\u00e0 la Galerie Ren\u00e9 Borel \u00e0 Deauville<\/p>\n<p>&#8211; 1973<br \/>\nExposition Gallery Ligoa Duncan \u00e0 New York. Exposition de groupe \u00e0 Bruxelles &#8211; Belgique. \u00e0 Thouars.<br \/>\nExposition particuli\u00e8re Galerie Raymond Duncan \u00e0 Paris.<\/p>\n<p>&#8211; 1974<br \/>\nExposition de groupe Palais Palphy Vienne &#8211; Autriche<br \/>\nPalais des Beaux arts de Rome &#8211; Italie<br \/>\nExposition de groupe au Casino de Cannes<br \/>\nVoyage au Mexique<\/p>\n<p>&#8211; 1975<br \/>\nExposition particuli\u00e8re Galerie Raymond Duncan \u00e0 Paris, de groupe \u00e0 Metz<br \/>\nA la Galerie LIL Baden Baden &#8211; Allemagne.<br \/>\nExposition au Salon Arts et Couleurs de Thionville dont il obtient le 1er Prix<br \/>\nVoyage en Thaillande, Cor\u00e9e, Japon, Hong Kong<\/p>\n<p>&#8211; 1976-77-78<br \/>\nExposition \u00e0 Nice, Cannes, Nantes Galerie Much<br \/>\nExposition au Koweit<br \/>\nExposition particuli\u00e8re Galerie Mozart \u00e0 Metz, \u00e0 l&rsquo;H\u00f4tel des Hauts Forts Avoriaz<br \/>\nA Haguenau au profit des oeuvres du Lions Club<br \/>\nAinsi qu&rsquo;\u00e0 Monaco au Forum Art Gallery dans le cadre de l&rsquo;ann\u00e8e de l&rsquo;Enfance<\/p>\n<p>&#8211; 1979<br \/>\nExposition particuli\u00e8re H\u00f4tel Ivoire Abidjan C\u00f4te d&rsquo;Ivoire, Bruxelles Belgique Galerie Jean Laurent, \u00e0 Heidelberg Allemagne Deutshe Bank<\/p>\n<p>Ann\u00e8es 80<br \/>\n&#8211; 1980<br \/>\nExposition particuli\u00e8re \u00e0 Tahiti Polyn\u00e9sie dans les salons de l&rsquo;h\u00f4tel Beach Comber puis au Mus\u00e9e Cal\u00e9donien de Noum\u00e9a Nouvelle Cal\u00e9donie<br \/>\nExposition Galerie Art Mural Paris<\/p>\n<p>&#8211; 1981<br \/>\nExposition \u00e0 Paris puis \u00e0 l&rsquo;h\u00f4tel M\u00e8ridien de St Denis Ile de la R\u00e9union<\/p>\n<p>&#8211; 1982<br \/>\nExposition particuli\u00e8re \u00e0 Abidjan C\u00f4te d&rsquo;Ivoire<\/p>\n<p>&#8211; 1983<br \/>\nExposition particuli\u00e8re Ambassade de France \u00e0 Tokyo puis Osaka Japon<br \/>\nExposition Maison de la Lithographie \u00e0 Paris<\/p>\n<p>&#8211; 1984<br \/>\nExposition particuli\u00e8re \u00e0 Thionville Centre Culturel Jacques Brel puis \u00e0 l&rsquo;Ile de la R\u00e9union Galerie Vincent<br \/>\nExposition de groupe \u00e0 la C.I.A.C Paris et au Salon des Nations de Gen\u00e8ve M\u00e9tropolis International Gallery<br \/>\nR\u00e9alisation d&rsquo;un calendrier lithographique pour l&rsquo;agence Havas<\/p>\n<p>&#8211; 1985<br \/>\nExposition particuli\u00e9re \u00e0 Libreville Gabon H\u00f4tel Intercontinental<br \/>\nR\u00e9alisation d&rsquo;une lithographie \u00a0\u00bb Hommage \u00e0 Brel \u00a0\u00bb pour le Centre culturel Jacques Brel de Thionville en collaboration avec la Fondation J.Brel de Bruxelles<br \/>\nLivraison d&rsquo;une tapisserie d&rsquo;Aubusson exemplaire unique cr\u00e9e pour la Banque B.O.A.C de Bafoussam au Cameroun<\/p>\n<p>&#8211; 1986<br \/>\nExpositions particuli\u00e8res Libreville Gabon puis Douala et Yaound\u00e9 au Cameroun, livraison de 2 tapisseries d&rsquo;Aubuson exemplaire unique pour le Pr\u00e9sident Bongo Gabon<br \/>\nExposition particuli\u00e8re Galerie Eld\u00e8e Paris<br \/>\nExposition dans le cadre de Art Expo New York, voyage \u00e0 Los Angeles et San Francisco U.S.A<br \/>\nExposition h\u00f4tel Sofitel Quiberon, Galerie Art Cadre Paris, Galerie Regency Bruxelles, Galerie Au Vent des Cimes Grenoble<br \/>\nExposition particuli\u00e8re Maison de la Lithographie Paris<br \/>\nVoyage \u00e0 l&rsquo;Ile de la R\u00e9union pour pr\u00e9senter la lithographie r\u00e9alis\u00e9e \u00e0 la demande du Conseil G\u00e9n\u00e9ral<br \/>\nExposition Salon de l&rsquo;Enfance de St Etienne en tant qu&rsquo;invit\u00e9 d&rsquo;honneur<br \/>\nVoyage en Indon\u00e9sie, Java, Bali<\/p>\n<p>&#8211; 1987<br \/>\nExposition particuli\u00e8re Galerie Saint Paul \u00e0 M\u00e9g\u00e8ve<br \/>\nExposition particuli\u00e8re dans le cadre de Art Expo New York avec la Galerie Art Cadre Paris<br \/>\nExposition particuli\u00e8re \u00e0 Tahiti Polyn\u00e9sie puis Noum\u00e9a Nouvelle Cal\u00e9donie<br \/>\nExposition particuli\u00e8re Galerie Horizons La Baule, exposition Chapelle de la Mis\u00e9ricorde \u00e0 Nans les Pins, exposition Galerie Art Cadre Paris sur le th\u00e8me de la musique. Exposition particuli\u00e8re Galerie Sch\u00e8me Lille<br \/>\nExposition Galerie le Campanile Nans les Pins, Galerie H\u00e9l\u00e8ne Prince Paris, Galerie Le Biblion Toulouse, Galerie Au vent des Cimes Grenoble, Galerie Saint Paul M\u00e9g\u00e8ve<\/p>\n<p>&#8211; 1988<br \/>\nExpositions particuli\u00e8res Galerie Chifflet Besan\u00e0\u00a7on, Galerie Au Vent des Cimes Grenoble, Galerie Saint Paul M\u00e9g\u00e8ve<br \/>\nExposition au Centre Culturel Jacques Brel de Thionville dans le cadre de la pr\u00e9sentation du livre \u00a0\u00bb Vivre Debout \u00a0\u00bb puis au Casino de Knokke le Zout Belgique<\/p>\n<p>&#8211; 1989<br \/>\nExposition particuli\u00e8re \u00e0 l&rsquo;Ile de la R\u00e9union Galerie C\u00f4t\u00e9 Cours \u00e0 St Gilles ainsi qu&rsquo;\u00e0 l&rsquo;h\u00f4tel Novotel Coralia<br \/>\nExposition dans le cadre du Festival de Cannes<br \/>\nExposition particuli\u00e8re en Guadeloupe Galerie Artco Pointe \u00e0 Pitre ainsi qu&rsquo;\u00e0 l&rsquo;h\u00f4tel Novotel Fleur d&rsquo;Ep\u00e9e \u00e0 Gosier<br \/>\nExposition particuli\u00e8re Galerie Pictural Monaco, Galerie Art Cadre Dauphine Paris, Galerie Pr\u00e9sence International Bruxelles Belgique<\/p>\n<p>Ann\u00e9es 90<br \/>\n&#8211; 1990<br \/>\nArt Expo New York<br \/>\nExpositions particuli\u00e8res Galerie Au Vent des Cimes Grenoble, Galerie Pictural Monaco sur le th\u00e8me \u00a0\u00bb Autour du Philharmonique \u00ab\u00a0, Galerie Artco Pointe \u00e0 Pitre Guadeloupe puis dans les locaux du Conseil G\u00e9n\u00e9ral de Basse Terre qui a fait l&rsquo;acquisition d&rsquo;une toile<br \/>\nExposition particuli\u00e8re \u00e0 bord du Dana\u00e9 dans le cadre de la deuxi\u00e8me grande Croisi\u00e8re Musicale sur le th\u00e8me \u00a0\u00bb Musique et danse \u00a0\u00bb<br \/>\nExposition particuli\u00e8re \u00e0 Taiwan Fairmate Art Gallery Tapei<\/p>\n<p>&#8211; 1991<br \/>\nArt Expo New York U.S.A, Tokyo International Art Show Japon<br \/>\nExposition particuli\u00e8re au Conseil G\u00e9n\u00e9ral de Martinique R\u00e9sidence Chanteclerc Fort de France<br \/>\nExpositions particuli\u00e8res Galerie Val \u00e0 B\u00e9thune, Galerie Art Cadre Dauphine Paris,<br \/>\nExposition \u00a0\u00bb 30 ans de Peinture \u00a0\u00bb r\u00e9trospective, oeuvres r\u00e9centes au Palais des Congr\u00e9s de la ville de Grasse, sous la pr\u00e9sidence de Ma\u00e0\u00aetre Herv\u00e9 de Fontmichel Maire de Grasse et Conseiller R\u00e9gional<br \/>\nExposition particuli\u00e8re Galerie Pictural sur le th\u00e8me \u00a0\u00bb Jazz et Musique Classique \u00a0\u00bb<\/p>\n<p>&#8211; 1992<br \/>\nExpositions particuli\u00e8res Galerie Christiane Valle \u00e0 Clermont Ferrand, Galerie Art Internationnal Nancy, Galerie Pictural Monaco sur le th\u00e8me de la Mer dans le cadre du Monaco Yacht Show<br \/>\nVoyage en Louisiane et Mississipi U.S.A<br \/>\nInvit\u00e9 d&rsquo;Honneur au 12\u00e8me Salon Formes et Couleurs de Tarn avec le Conseil g\u00e9n\u00e9ral du Tarn et Conseil R\u00e9gional Midi-Pyr\u00e9n\u00e9es \u00e0 Valderies<br \/>\nToiles cr\u00e9es sp\u00e9cialement et pr\u00e9sent\u00e9es dans le pavillon de la CEE \u00e0 l&rsquo;exposition G\u00e0\u00aanes 92 Italie, Christophe Colomb le navire et la mer.<\/p>\n<p>&#8211; 1993<br \/>\nExpositions particuli\u00e8res Galerie Vent des Cimes Grenoble, Galerie Val B\u00e9thune<br \/>\nInvit\u00e9 d&rsquo;Honneur du 3\u00e8me Salon d&rsquo;Arts Plastiques d&rsquo;Uzes avec le Conseil G\u00e9n\u00e9ral du Gard<\/p>\n<p>&#8211; 1994<br \/>\nExposition particuli\u00e8re Galerie Pictural Monaco sur le th\u00e8me des voyages \u00a0\u00bb Itin\u00e9raires \u00a0\u00bb<br \/>\nR\u00e9trospective au Centre culturel Jacques Brel de thionville<\/p>\n<p>&#8211; 1995<br \/>\nExpositions particuli\u00e8res en Belgique Anvers et Bruxelles Art Thema Gallery, Galerie Forum des Images Albi, Galerie Jardin des Arts Palais des Congr\u00e9s Paris<br \/>\nVoyage au Sri-Lanka<\/p>\n<p>&#8211; 1996<br \/>\nExpositions particuli\u00e8res Galerie Val B\u00e9thune, H\u00f4tel le Chastillon Isola 2000<br \/>\nVoyage en Chine et au Tibet<\/p>\n<p>&#8211; 1997<br \/>\nExpositions particuli\u00e8res Galerie Au Vent des Cimes Grenoble, Galerie Europa Strasbourg, Chateau de la Bertrandi\u00e8re l&rsquo;Etrat St etienne<br \/>\nInvit\u00e9 d&rsquo;Honneur Salon d&rsquo;Art Ripag\u00e9riens Rive de Giers<br \/>\nExpositions particuli\u00e8res Galerie des Tropiques Tahiti Polyn\u00e9sie, en c\u00f4te d&rsquo;Ivoire avec la Galerie Pictural dans les salons de l&rsquo;hotel Ivoire<br \/>\nVoyage en Birmanie<\/p>\n<p>&#8211; 1998<br \/>\nExpositions particuli\u00e8res Galerie Lacydon Marseille, Galerie Oc\u00e9ane St-Denis Ile de la r\u00e9union, H\u00f4tel Surf Novotel Noum\u00e9a Nouvelle Cal\u00e9donie<br \/>\nR\u00e9pertori\u00e9 au Benezit. Editions Gr\u00e0\u00bbnd Tome 11\/14<\/p>\n<p>&#8211; 1999<br \/>\nExpositions particuli\u00e8res Galerie Salvany \u00e0 Clermont Ferrand, Galerie Raugraff Nancy, Galerie Aurore Lux\u00e9 (Charente), le Jardin des Arts 26 Champs Elys\u00e9es Paris<br \/>\nInvit\u00e9 d&rsquo;Honneur Salon des Artistes Pr\u00e9sents Ville du Bourget<br \/>\nVoyage en Inde du nord et N\u00e9pal<\/p>\n<p>Ann\u00e9es 2000<br \/>\n&#8211; 2000<br \/>\nExpositions particuli\u00e8res Galerie Antinea Marseille, Galerie Europa Strasbourg, Forum des images Albi, Galerie Val B\u00e9thune<br \/>\nInvit\u00e9 d&rsquo;Honneur Salon des Beauts arts de B\u00e9zier<br \/>\nInvit\u00e9 d&rsquo;Honneur de la ville de clairac (Lot et Garonne)<br \/>\nExposition particuli\u00e8re Galerie des Tropiques Tahiti Polyn\u00e9sie<br \/>\nVoyage au Vietnam et Cambodge<br \/>\nExposition de groupe au Koweit<\/p>\n<p>&#8211; 2001<br \/>\nExpositions particuli\u00e8res Galerie Au Vent des Cimes Grenoble, le Jardin des Arts 26 Champs Elys\u00e9es Paris<br \/>\nVoyage en Inde du Sud Tamil Nadu, Kerela, Karnataka<br \/>\nExposition particuli\u00e8re Tokyo Japon Press Kit Co<\/p>\n<p>&#8211; 2002<br \/>\nExpositions particuli\u00e8res Galerie Raugraff Nancy, Galerie Aurore Lux\u00e9<br \/>\nVoyage en Egypte, Croisi\u00e8re sur lle nil, Lac Naser, Le Caire, Alexandrie<br \/>\nInvit\u00e9 d&rsquo;Honneur Salon Art et Nature Espace Auteuil Paris<br \/>\nVoyage en Chine, Croisi\u00e8re sur le Yang Ts\u00e8<\/p>\n<p>&#8211; 2003<br \/>\nExposition de groupe \u00ab\u00a0Ecole de Paris\u00a0\u00bb Galerie Antinea Marseille<br \/>\nVoyage au Laos<br \/>\nExposition particuli\u00e8re LA GALERIE Ajaccio Corse<br \/>\nExposition particuli\u00e8re Galerie Des Tropiques Tahiti Polyn\u00e9sie<br \/>\nInvit\u00e9 d&rsquo;Honneur 6\u00e8me Pictura Aur\u00e9lia Menton<br \/>\nVoyage au Sri Lanka<br \/>\nExposition particuli\u00e8re Forum des Images Albi<br \/>\nCr\u00e9ation de 12 sculptures coul\u00e9es en Bronze<br \/>\nVoyage en Tha\u00e0\u00aflande<\/p>\n<p>&#8211; 2004<br \/>\nExposition particuli\u00e8re Galerie Antinea Marseille<br \/>\nParution du livre REGARDS&#8230;EMOTIONS Editions du Ch\u00e0\u00aane Vert<br \/>\nCr\u00e9ation du Troph\u00e9e du 1er Masters de Violon de Monaco<br \/>\nExposition particuli\u00e8re Centre Culturel de Levallois Perret<br \/>\nExposition particuli\u00e8re Centre Culturel Jacques Brel de Thionville<br \/>\nExposition particuli\u00e8re pr\u00e9sent\u00e9e par la Galerie Ami des Arts Salle Gaveau Paris<br \/>\nVoyage en Birmanie<\/p>\n<p>&#8211; 2005<br \/>\nExposition particuli\u00e8re Galerie Au Vent des Cimes Grenoble<br \/>\nExposition particuli\u00e8re Galerie Grall Toulouse<br \/>\nInvit\u00e9 d&rsquo;Honneur Salon du Castelet Var<br \/>\nCr\u00e9ation d&rsquo;un Troph\u00e9e Bronze \u00e0 7 exemplaires pour AIR PROMOTION GROUP<br \/>\nExposition Noum\u00e9a Nouvelle cal\u00e9donie Nouvata Park H\u00f4tel<\/p>\n<p>&#8211; 2006<br \/>\nVoyage en Inde Gujar\u00e0\u00a2t, Rajasthan<br \/>\nInvit\u00e9 d&rsquo;Honneur Sculpteur Salon des Pennes Mirabeau Bouches du Rh\u00f4ne<br \/>\nExposition particuli\u00e8re pr\u00e9sent\u00e9e par la Galerie Ami des Arts Salle Gaveau Paris<br \/>\nVoyage \u00e0 Venise<\/p>\n<p>&#8211; 2007<br \/>\nExposition particuli\u00e8re Galerie GRAAL Toulouse<br \/>\nVoyage en Inde Himalayenne, Cachemire<br \/>\nExposition particuli\u00e8re Galerie VICTOR HUGO Saintes, Charente Maritime<br \/>\nHaut Patronage du Salon International de Peinture de Zillisheim Mulhouse Haut Rhin<br \/>\nExposition Particuli\u00e8re Galerie SAINT MARTIN Brive La Gaillarde Corr\u00e8ze<br \/>\nVoyage au Vietnam<\/p>\n<p>&#8211; 2008<br \/>\nExposition particuli\u00e8re Galerie AU VENT DES CIMES Grenoble<br \/>\nExposition particuli\u00e8re Galerie AMI DES ARTS Paris<\/p>\n<p>&#8211; 2009<br \/>\nVoyage PETRA Jordanie<\/p>\n<p>&#8211; 2010<br \/>\nExposition particuli\u00e8re ( Tout en papier ) Galerie Ami des Arts Paris<br \/>\nInvit\u00e9s d&rsquo;Honneur Acad\u00e9mie des Beaux Arts de Provence C\u00f4te d&rsquo;Azur Salon de Jean Cap Ferrat<br \/>\nExposition Galerie Aurore Lux\u00e9 Charente<br \/>\nExposition (Les Samoura\u00efs) Galerie PICTURAL Monaco<br \/>\nExposition (Curiosit\u00e9s d&rsquo;Artistes) oeufs d&rsquo;Autruche Peints, Galerie Vent des Cimes Grenoble<br \/>\nExposition particuli\u00e8re 50 ans de Cr\u00e9ations Salle Gaveau Paris, puis \u00e0 la Galerie Ami des Arts 75008 Paris<\/p>\n<p>&#8211; 2011<br \/>\nExposition particuli\u00e8re Galerie VICTOR HUGO &#8211; SAINTES &#8211; Charente<br \/>\nDon de 4 toiles sur le th\u00e8me Biblique offertent pour l&rsquo;\u00e9glise St Laurent de Zillisheim 68430<br \/>\nInvit\u00e9 d&rsquo;honneur du Salon ART 3 &#8211; Chapelle St Michel \u00e0 Roquebrune sur Argent dans le Var<br \/>\nExposition en tant qu&rsquo;invit\u00e9 d&rsquo;honneur sur les murs de Espace d&rsquo;art L&rsquo;OOEIL \u00e0 Villeneuve Loubet &#8211; 06<br \/>\nExposition particuli\u00e8re Galerie Vent des C\u00eemes Grenoble<br \/>\nInvit\u00e9 d&rsquo;honneur du 21eme Carrefour des Arts LINAS 91310<\/p>\n<p>&#8211; 2012<br \/>\nCommande sp\u00e9ciale de toiles pour le Pr\u00e9sident de la F\u00e9d\u00e9ration Internationale de Judo<br \/>\nS\u00e9jour \u00e0 Budapest &#8211; Hongrie<br \/>\nTh\u00e9oule Expo 2012<br \/>\nExposition particuli\u00e8re Galerie Marciano &#8211; Marseille<\/p>\n<p>&#8211; 2013<br \/>\nExposition particuli\u00e8re Galerie Marciano &#8211; Place des Vosges &#8211; Paris<br \/>\nExposition de groupe PRO ARTS LACYDON sur le th\u00e8me de la mer 13620 Carry le Rouet<br \/>\nExposition de groupe PRO ARTS LACYDON &#8211; Gap<\/p>\n<p>&#8211; 2014<br \/>\nExposition particuli\u00e8re Centre Culturel Jacques Brel sur le th\u00e8me : Images et Ecritures &#8211; 57000 Thionville<br \/>\nExposition de groupe PRO ARTS LACYDON 13620 Carry le Rouet<br \/>\nVoyage en RUSSIE &#8211; Saint Petersbourg<\/p>\n<p>&#8211; 2015<br \/>\nS\u00e9jour \u00e0 New York &#8211; U.S.A<br \/>\nExposition de groupe \u00e0 Gap<br \/>\nVoyage au Japon &#8211; Tokyo &#8211; Kyoto<\/p>\n<p>&#8211; 2016<br \/>\nexposition Galerie VENT DES CIMES\u00a0 \u00e0 Grenoble Is\u00e8re<br \/>\nParrainage du Salon International de peinture de Zillisheim Haut Rhin avec exposition<br \/>\n&#8211; 2017<br \/>\n26 et 27 Aout 217 : Expo BUDAPEST dans le cadre du 65\u00e9me anniversaire de la F\u00e9d\u00e9ration Internationale du Judo Hungarian Academy of sciences celebration of art and sports<br \/>\nOctobre 2017 : Galerie Victor HUGO \u00e0 Saintes\u00a0\u00e0 Saintes Charente Maritimes<br \/>\nD\u00e9cembre 2017 : Voyage \u00e0 Duba\u00ef et Abu dhabi Mus\u00e9e du Louvre<\/p>\n<p>&#8211; 2018\u00a0\u00a0\u00a0\u00a0\u00a0\u00a0\u00a0\u00a0\u00a0\u00a0<br \/>\nExposition \u00e0 Baku Azerba\u00efdjan au\u00a0 Khatai Art Center<\/p>\n<p>&#8211; 2019\u00a0\u00a0\u00a0\u00a0\u00a0\u00a0\u00a0\u00a0\u00a0\u00a0<br \/>\nExposition Galerie VENT DES CIMES \u00e0 Grenoble Is\u00e8re sur le th\u00e8me \u00ab\u00a0l&rsquo;Asie R\u00eav\u00e9e de Raymond Poulet \u00a0\u00bb<br \/>\nExposition \u00e0 Tokyo Japon au Kodokan de Tokyo dans le cadre des Championnats du\u00a0 monde de Judo<\/p>\n<p><\/div><div class=\"clear\"><\/div>\n","protected":false},"excerpt":{"rendered":"","protected":false},"author":2,"featured_media":0,"parent":0,"menu_order":0,"comment_status":"open","ping_status":"open","template":"","meta":{"footnotes":""},"class_list":["post-1076","page","type-page","status-publish","hentry"],"_links":{"self":[{"href":"http:\/\/raymond-poulet.com\/index.php\/wp-json\/wp\/v2\/pages\/1076","targetHints":{"allow":["GET"]}}],"collection":[{"href":"http:\/\/raymond-poulet.com\/index.php\/wp-json\/wp\/v2\/pages"}],"about":[{"href":"http:\/\/raymond-poulet.com\/index.php\/wp-json\/wp\/v2\/types\/page"}],"author":[{"embeddable":true,"href":"http:\/\/raymond-poulet.com\/index.php\/wp-json\/wp\/v2\/users\/2"}],"replies":[{"embeddable":true,"href":"http:\/\/raymond-poulet.com\/index.php\/wp-json\/wp\/v2\/comments?post=1076"}],"version-history":[{"count":12,"href":"http:\/\/raymond-poulet.com\/index.php\/wp-json\/wp\/v2\/pages\/1076\/revisions"}],"predecessor-version":[{"id":3832,"href":"http:\/\/raymond-poulet.com\/index.php\/wp-json\/wp\/v2\/pages\/1076\/revisions\/3832"}],"wp:attachment":[{"href":"http:\/\/raymond-poulet.com\/index.php\/wp-json\/wp\/v2\/media?parent=1076"}],"curies":[{"name":"wp","href":"https:\/\/api.w.org\/{rel}","templated":true}]}}